{"id":242,"date":"2021-05-08T09:00:13","date_gmt":"2021-05-08T09:00:13","guid":{"rendered":"https:\/\/wfj.se\/?page_id=242"},"modified":"2026-02-08T18:50:08","modified_gmt":"2026-02-08T17:50:08","slug":"forsaljning","status":"publish","type":"page","link":"https:\/\/wfj.se\/de\/forsaljning\/","title":{"rendered":"F\u00f6rs\u00e4ljning"},"content":{"rendered":"\n<h3 class=\"wp-block-heading\">F\u00f6rs\u00e4ljning<\/h3>\n\n\n\n<p class=\"has-text-align-left\">Ett litet urval p\u00e5 vad man kan best\u00e4lla av oss. Mer intressanta saker finns butiken p\u00e5 stationen under trafikdagarna.<\/p>\n\n\n\n<p class=\"has-text-align-left\"><strong>OBS!<\/strong> Kontakta alltid f\u00f6rs\u00e4ljningsansvarig innan best\u00e4llning f\u00f6r att f\u00e5 uppgift om fraktalternativ och kostnad f\u00f6re best\u00e4llning. Kontaktinformation samt mer om best\u00e4llning och f\u00f6rs\u00e4ljningsvillkor finns l\u00e4ngst ned p\u00e5 sidan.<\/p>\n\n\n\n<hr class=\"wp-block-separator has-css-opacity\"\/>\n\n\n\n<div class=\"wp-block-media-text alignwide is-stacked-on-mobile\" style=\"grid-template-columns:23% auto\"><figure class=\"wp-block-media-text__media\"><img loading=\"lazy\" decoding=\"async\" width=\"721\" height=\"1024\" src=\"https:\/\/wfj.se\/wp-content\/uploads\/2026\/02\/Utflykter-omslag-framsida-A4-liten-721x1024.jpg\" alt=\"\" class=\"wp-image-1538 size-full\" srcset=\"https:\/\/wfj.se\/wp-content\/uploads\/2026\/02\/Utflykter-omslag-framsida-A4-liten-721x1024.jpg 721w, https:\/\/wfj.se\/wp-content\/uploads\/2026\/02\/Utflykter-omslag-framsida-A4-liten-211x300.jpg 211w, https:\/\/wfj.se\/wp-content\/uploads\/2026\/02\/Utflykter-omslag-framsida-A4-liten-768x1090.jpg 768w, https:\/\/wfj.se\/wp-content\/uploads\/2026\/02\/Utflykter-omslag-framsida-A4-liten-1082x1536.jpg 1082w, https:\/\/wfj.se\/wp-content\/uploads\/2026\/02\/Utflykter-omslag-framsida-A4-liten.jpg 1268w\" sizes=\"auto, (max-width: 721px) 100vw, 721px\" \/><\/figure><div class=\"wp-block-media-text__content\">\n<p><strong>Utflykter i j\u00e4rnv\u00e4gshistorien<\/strong><br>av Christer Brimalm<\/p>\n\n\n\n<p>Boken inneh\u00e5ller ett antal k\u00e5serier om internationell och svensk j\u00e4rnv\u00e4gshistoria och \u00e4r p\u00e5 212 v\u00e4lfyllda sidor i format A5 och med mjuka p\u00e4rmar. Den \u00e4r rikligt illustrerad med foton i svartvitt och f\u00e4rg och tryckt med h\u00f6g kvalitet.<\/p>\n\n\n\n<p>Du f\u00e5r f\u00f6lja den klassiska j\u00e4rnv\u00e4gens utveckling fr\u00e5n &#8220;urtiden&#8221; fram till dess h\u00f6jdpunkt f\u00f6re h\u00f6ghastighetst\u00e5gens era. Vi dyker ner i m\u00e5nga f\u00e4rgstarka episoder under tv\u00e5 sekler av utveckling.<br>Till grund f\u00f6r boken ligger artiklar som f\u00f6rfattaren under \u00e5rens lopp skrivit i Gurklisten och i T\u00e5g, Svenska J\u00e4rnv\u00e4gsklubbens tidning. Materialet har uppdaterats och bilderna f\u00f6rnyats och ut\u00f6kats i antal.<\/p>\n\n\n\n<p>Pris 150:- per st plus porto (inom Sverige 55:-)<\/p>\n<\/div><\/div>\n\n\n\n<hr class=\"wp-block-separator has-alpha-channel-opacity\"\/>\n\n\n\n<div class=\"wp-block-media-text alignwide is-stacked-on-mobile\" style=\"grid-template-columns:23% auto\"><figure class=\"wp-block-media-text__media\"><img loading=\"lazy\" decoding=\"async\" width=\"825\" height=\"1024\" src=\"https:\/\/wfj.se\/wp-content\/uploads\/2024\/07\/Alla-lokplanscher-juli-2024-825x1024.jpg\" alt=\"\" class=\"wp-image-1465 size-full\" srcset=\"https:\/\/wfj.se\/wp-content\/uploads\/2024\/07\/Alla-lokplanscher-juli-2024-825x1024.jpg 825w, https:\/\/wfj.se\/wp-content\/uploads\/2024\/07\/Alla-lokplanscher-juli-2024-242x300.jpg 242w, https:\/\/wfj.se\/wp-content\/uploads\/2024\/07\/Alla-lokplanscher-juli-2024-768x953.jpg 768w, https:\/\/wfj.se\/wp-content\/uploads\/2024\/07\/Alla-lokplanscher-juli-2024-1238x1536.jpg 1238w, https:\/\/wfj.se\/wp-content\/uploads\/2024\/07\/Alla-lokplanscher-juli-2024-1651x2048.jpg 1651w\" sizes=\"auto, (max-width: 825px) 100vw, 825px\" \/><\/figure><div class=\"wp-block-media-text__content\">\n<p><strong>Lokplanscher<\/strong><br>av Carl-Johan Fahlgren<\/p>\n\n\n\n<p>H\u00f6gklassiga reproduktioner av Carl-Johan Fahlgrens fantastiska blyertsteckningar av ett antal loktyper k\u00e4nda som ok\u00e4nda. Bland dem \u00e5terfinns v\u00e5rt eget <a href=\"https:\/\/wfj.se\/wp-content\/uploads\/2024\/07\/SJ-S2p-3037-scaled.jpg\" target=\"_blank\" rel=\"noreferrer noopener\"><strong>S2p 3037<\/strong><\/a> och flera klassiska \u00e5nglok, ellok och dieselfordon, s\u00e5v\u00e4l normal- som smalsp\u00e5riga. Format ca 40 x 62 cm. (Kan efter behag besk\u00e4ras.)<\/p>\n\n\n\n<p><strong>F\u00f6ljande motiv finns p\u00e5 lager <\/strong>(<a href=\"https:\/\/wfj.se\/wp-content\/uploads\/2024\/07\/Alla-lokplanscher-juli-2024-scaled.jpg\" target=\"_blank\" rel=\"noreferrer noopener\">Klicka h\u00e4r f\u00f6r st\u00f6rre bild av planscherna<\/a>)<strong>:<\/strong><br>\u00c5nglok: A7 1749, Cc 404, F 1200, G10 1844, J 1291, L16 1644, N5&nbsp;1784, NVHJ 22, S1 1929, <a href=\"https:\/\/wfj.se\/wp-content\/uploads\/2024\/07\/SJ-S2p-3037-scaled.jpg\" target=\"_blank\" rel=\"noreferrer noopener\"><strong>S2p 3037<\/strong><\/a><br>Ellok: D 114, Da 817, F 625, Hb 518 Ub 249<br>Diesellok: T44&nbsp;336, Tp 3508<br>Dieselmotorvagnar: Y7 1256<\/p>\n\n\n\n<p>Levereras i stabil papperstub med plastlock. Upp till 4 st i en tub<br>Pris 50:- per st plus porto<\/p>\n<\/div><\/div>\n\n\n\n<hr class=\"wp-block-separator has-alpha-channel-opacity\"\/>\n\n\n\n<div class=\"wp-block-media-text alignwide is-stacked-on-mobile is-vertically-aligned-center\" style=\"grid-template-columns:23% auto\"><figure class=\"wp-block-media-text__media\"><img loading=\"lazy\" decoding=\"async\" width=\"1024\" height=\"727\" src=\"https:\/\/wfj.se\/wp-content\/uploads\/2024\/06\/Omslag-pa-jubileumsskrift-REV-1024x727.jpg\" alt=\"\" class=\"wp-image-1391 size-full\" srcset=\"https:\/\/wfj.se\/wp-content\/uploads\/2024\/06\/Omslag-pa-jubileumsskrift-REV-1024x727.jpg 1024w, https:\/\/wfj.se\/wp-content\/uploads\/2024\/06\/Omslag-pa-jubileumsskrift-REV-300x213.jpg 300w, https:\/\/wfj.se\/wp-content\/uploads\/2024\/06\/Omslag-pa-jubileumsskrift-REV-768x545.jpg 768w, https:\/\/wfj.se\/wp-content\/uploads\/2024\/06\/Omslag-pa-jubileumsskrift-REV-1536x1090.jpg 1536w, https:\/\/wfj.se\/wp-content\/uploads\/2024\/06\/Omslag-pa-jubileumsskrift-REV-2048x1453.jpg 2048w\" sizes=\"auto, (max-width: 1024px) 100vw, 1024px\" \/><\/figure><div class=\"wp-block-media-text__content\">\n<p><strong>JUBILEUMSSKRIFTEN OM WFJ \u00c4R H\u00c4R!<\/strong><br><strong>Jubileumsbok Wadstena-Fogelsta J\u00e4rnv\u00e4g 150 \u00e5r 1874-2024<\/strong><br>av Christer Brimalm.&nbsp;<\/p>\n\n\n\n<p>En liten jubileumsskrift om en liten j\u00e4rnv\u00e4g, helt passande. Fylld med sp\u00e4nnande och intressanta foton fr\u00e5n de 150 \u00e5ren. Ungef\u00e4r tv\u00e5 tredjedelar fr\u00e5n tiden med regulj\u00e4r trafik och en tredjedel fr\u00e5n museibaneepoken. Till stor del&nbsp;&nbsp;i f\u00e4rg, m\u00e5nga inte tidigare publicerade.<\/p>\n\n\n\n<p>Format liggande A5, 64 sidor plus omslag, mjuka p\u00e4rmar. Pris: 85 kr.<\/p>\n<\/div><\/div>\n\n\n\n<hr class=\"wp-block-separator has-alpha-channel-opacity\"\/>\n\n\n\n<div class=\"wp-block-media-text alignwide is-stacked-on-mobile\" style=\"grid-template-columns:23% auto\"><figure class=\"wp-block-media-text__media\"><img loading=\"lazy\" decoding=\"async\" width=\"1024\" height=\"597\" src=\"https:\/\/wfj.se\/wp-content\/uploads\/2024\/06\/Mugg-1024x597.jpg\" alt=\"\" class=\"wp-image-1389 size-full\" srcset=\"https:\/\/wfj.se\/wp-content\/uploads\/2024\/06\/Mugg-1024x597.jpg 1024w, https:\/\/wfj.se\/wp-content\/uploads\/2024\/06\/Mugg-300x175.jpg 300w, https:\/\/wfj.se\/wp-content\/uploads\/2024\/06\/Mugg-768x448.jpg 768w, https:\/\/wfj.se\/wp-content\/uploads\/2024\/06\/Mugg-1536x896.jpg 1536w, https:\/\/wfj.se\/wp-content\/uploads\/2024\/06\/Mugg-2048x1195.jpg 2048w\" sizes=\"auto, (max-width: 1024px) 100vw, 1024px\" \/><\/figure><div class=\"wp-block-media-text__content\">\n<p><strong>Jubileumsmugg WFJ 150 \u00e5r<\/strong><\/p>\n\n\n\n<p>Svart mugg i stengods med tryck &#8220;Wadstena-Fogelsta J\u00e4rnv\u00e4g 150 \u00e5r 1874-2024&#8221; i gult<br><br>Pris 89 kr.<\/p>\n<\/div><\/div>\n\n\n\n<hr class=\"wp-block-separator has-alpha-channel-opacity\"\/>\n\n\n\n<div class=\"wp-block-media-text alignwide is-stacked-on-mobile is-vertically-aligned-center\" style=\"grid-template-columns:23% auto\"><figure class=\"wp-block-media-text__media\"><img loading=\"lazy\" decoding=\"async\" width=\"505\" height=\"435\" src=\"https:\/\/wfj.se\/wp-content\/uploads\/2024\/06\/Mossa-WFJ-2024.jpg\" alt=\"\" class=\"wp-image-1390 size-full\" srcset=\"https:\/\/wfj.se\/wp-content\/uploads\/2024\/06\/Mossa-WFJ-2024.jpg 505w, https:\/\/wfj.se\/wp-content\/uploads\/2024\/06\/Mossa-WFJ-2024-300x258.jpg 300w\" sizes=\"auto, (max-width: 505px) 100vw, 505px\" \/><\/figure><div class=\"wp-block-media-text__content\">\n<p><strong>Keps WFJ<\/strong><br>&nbsp;<br>Svart golfkeps (uni) med gult tryck.<br><br>Pris: 89 kr.<\/p>\n<\/div><\/div>\n\n\n\n<hr class=\"wp-block-separator has-alpha-channel-opacity\"\/>\n\n\n\n<div class=\"wp-block-media-text alignwide is-stacked-on-mobile is-vertically-aligned-center\" style=\"grid-template-columns:23% auto\"><figure class=\"wp-block-media-text__media\"><img loading=\"lazy\" decoding=\"async\" width=\"505\" height=\"706\" src=\"https:\/\/wfj.se\/wp-content\/uploads\/2021\/05\/En-liten-jarnvag-i-en-liten-stad.jpg\" alt=\"\" class=\"wp-image-245 size-full\" srcset=\"https:\/\/wfj.se\/wp-content\/uploads\/2021\/05\/En-liten-jarnvag-i-en-liten-stad.jpg 505w, https:\/\/wfj.se\/wp-content\/uploads\/2021\/05\/En-liten-jarnvag-i-en-liten-stad-215x300.jpg 215w\" sizes=\"auto, (max-width: 505px) 100vw, 505px\" \/><\/figure><div class=\"wp-block-media-text__content\">\n<p><strong>En liten j\u00e4rnv\u00e4g i en liten stad<\/strong><br>av Christer Brimalm och Jan Karlsson.<br>&nbsp;<br>Den sp\u00e4nnande och intressanta historien om Sveriges \u00e4ldsta bevarade smalsp\u00e5rsbana fr\u00e5n f\u00f6rhistorie och tillkomsten till dagens veteranj\u00e4rnv\u00e4g. Personliga minnesbilder g\u00f6r historien levande. Rikt illustrerad med m\u00e5nga tidigare opublicerade foton.<br>&nbsp;<br>Boken \u00e4r utgiven i samarbete mellan Mf Wadstena\u2013Fogelsta J\u00e4rnv\u00e4g och F\u00f6reningen Gamla Vadstena.<br><br>Upplagan \u00e4r begr\u00e4nsad, f\u00f6rs\u00e4kra dig om ditt exemplar.<br><br>Inbunden bok med h\u00e5rda p\u00e4rmar i A5-format. Pris: 120 kr.<br>Finns \u00e4ven med mjuka p\u00e4rmar i A5-format. &nbsp;&nbsp; Pris: 80 kr.<\/p>\n<\/div><\/div>\n\n\n\n<hr class=\"wp-block-separator has-css-opacity\"\/>\n\n\n\n<div class=\"wp-block-media-text alignwide is-stacked-on-mobile is-vertically-aligned-center\" style=\"grid-template-columns:23% auto\"><figure class=\"wp-block-media-text__media\"><img loading=\"lazy\" decoding=\"async\" width=\"496\" height=\"700\" src=\"https:\/\/wfj.se\/wp-content\/uploads\/2021\/05\/Det-rullande-matrielen.jpg\" alt=\"\" class=\"wp-image-665 size-full\" srcset=\"https:\/\/wfj.se\/wp-content\/uploads\/2021\/05\/Det-rullande-matrielen.jpg 496w, https:\/\/wfj.se\/wp-content\/uploads\/2021\/05\/Det-rullande-matrielen-213x300.jpg 213w\" sizes=\"auto, (max-width: 496px) 100vw, 496px\" \/><\/figure><div class=\"wp-block-media-text__content\">\n<p><strong>Den rullande materielen vid Wadstena\u2013Fogelsta J\u00e4rnv\u00e4g<\/strong><br>av Christer Brimalm och Jan Karlsson.<br><br>Loken, vagnarna och deras historia sammanst\u00e4lld <br>Kort historik, bilder och data f\u00f6r samtliga fordon.<br>L\u00e4s bland annat den h\u00e4ftiga historien om \u201dAmerikavagnen\u201d!<br><br>H\u00e4fte, 36 sidor plus omslag i A5-format, till st\u00f6rsta delen i f\u00e4rg.<br>&nbsp;<br>Pris: 40 kr.<\/p>\n<\/div><\/div>\n\n\n\n<hr class=\"wp-block-separator has-css-opacity\"\/>\n\n\n\n<div class=\"wp-block-media-text alignwide is-stacked-on-mobile\" style=\"grid-template-columns:24% auto\"><figure class=\"wp-block-media-text__media\"><img loading=\"lazy\" decoding=\"async\" width=\"474\" height=\"431\" src=\"https:\/\/wfj.se\/wp-content\/uploads\/2021\/05\/FWOJ-bok.jpg\" alt=\"\" class=\"wp-image-673 size-full\" srcset=\"https:\/\/wfj.se\/wp-content\/uploads\/2021\/05\/FWOJ-bok.jpg 474w, https:\/\/wfj.se\/wp-content\/uploads\/2021\/05\/FWOJ-bok-300x273.jpg 300w\" sizes=\"auto, (max-width: 474px) 100vw, 474px\" \/><\/figure><div class=\"wp-block-media-text__content\">\n<p><strong>Fogelsta\u2013Wadstena\u2013\u00d6desh\u00f6gs Jernv\u00e4g 1874-1919<br><\/strong>av Jan Olov Svensson.<br>&nbsp;<br>Den definitiva historien om v\u00e5r j\u00e4rnv\u00e4gs f\u00f6rsta \u00e5r, fr\u00e5n byggandet av Wadstena-Fogelsta J\u00e4rnv\u00e4g (\u00f6ppnad 1874) till sammanslagningen av Fogelsta-Wadstena-\u00d6desh\u00f6gs J\u00e4rnv\u00e4g med Mellersta \u00d6sterg\u00f6tlands J\u00e4rnv\u00e4g 1919. P\u00e5 drygt 200 rikt illustrerade sidor f\u00e5r man sig till livs en levande och intressant skildring med s\u00e5v\u00e4l kuriosa och anekdoter om livet vid j\u00e4rnv\u00e4gen som sp\u00e5rplaner och ritningar p\u00e5 lok och vagnar. \u00c5tskilliga av bokens foton \u00e4r inte tidigare publicerade och fordonsritningarna \u00e4r unika. Denna inbundna bok, utgiven p\u00e5 Sten- valls f\u00f6rlag, finns att k\u00f6pa genom f\u00f6reningen. Den \u00e4r ett &#8220;m\u00e5ste&#8221; f\u00f6r alla med ett djupare intresse f\u00f6r v\u00e5r banas historia. <br>&nbsp;<br>Pris: 200 kr.<\/p>\n<\/div><\/div>\n\n\n\n<hr class=\"wp-block-separator has-css-opacity\"\/>\n\n\n\n<div class=\"wp-block-media-text alignwide is-stacked-on-mobile\" style=\"grid-template-columns:23% auto\"><figure class=\"wp-block-media-text__media\"><img loading=\"lazy\" decoding=\"async\" width=\"193\" height=\"274\" src=\"https:\/\/wfj.se\/wp-content\/uploads\/2021\/05\/Fran-tagexpedition-och-lastbilscentral.jpg\" alt=\"\" class=\"wp-image-677 size-full\"\/><\/figure><div class=\"wp-block-media-text__content\">\n<p><strong>Fr\u00e5n t\u00e5gexpedition och lastbilscentral<\/strong><br>av Rune Edstr\u00f6m.<\/p>\n\n\n\n<p>Rune Edstr\u00f6m ber\u00e4ttar personligt och livfullt om sitt yrkesliv under tjugo \u00e5r vid j\u00e4rnv\u00e4gen samt tio \u00e5r i \u00e5keribranschen. Tiden vid j\u00e4rn- v\u00e4gen inleddes p\u00e5 Mellersta \u00d6sterg\u00f6tlands J\u00e4rnv\u00e4gar 1945 och avslutades 1964 p\u00e5 SJ i Mj\u00f6lby. Vi f\u00e5r fascinerande inblickar i det dagliga livet p\u00e5 och omkring j\u00e4rnv\u00e4gen i en tid som inte \u00e4r s\u00e5 avl\u00e4gsen, men \u00e4nd\u00e5 k\u00e4nns som en annan v\u00e4rld idag.<br><br>Inb. med h\u00e5rda p\u00e4rmar, 88 sidor 18&#215;24 cm.<br>Rikligt med bilder illustrationer, till stor del med f\u00f6rfattarens egna bilder.<br><br>Pris 25 kr.<\/p>\n<\/div><\/div>\n\n\n\n<hr class=\"wp-block-separator has-css-opacity\"\/>\n\n\n\n<div class=\"wp-block-media-text alignwide is-stacked-on-mobile\" style=\"grid-template-columns:24% auto\"><figure class=\"wp-block-media-text__media\"><img loading=\"lazy\" decoding=\"async\" width=\"263\" height=\"356\" src=\"https:\/\/wfj.se\/wp-content\/uploads\/2021\/05\/Pa-jakt-efter-anglok.jpg\" alt=\"\" class=\"wp-image-704 size-full\" srcset=\"https:\/\/wfj.se\/wp-content\/uploads\/2021\/05\/Pa-jakt-efter-anglok.jpg 263w, https:\/\/wfj.se\/wp-content\/uploads\/2021\/05\/Pa-jakt-efter-anglok-222x300.jpg 222w\" sizes=\"auto, (max-width: 263px) 100vw, 263px\" \/><\/figure><div class=\"wp-block-media-text__content\">\n<p><strong>P\u00e5 jakt efter \u00e5nglok &#8211; En j\u00e4rnv\u00e4gsentusiasts minnen och \u00e4ventyr<br><\/strong>av Christer Brimalm<br>&nbsp;<br>Det var inte s\u00e5 l\u00e4nge sedan och inte s\u00e5 l\u00e5ngt borta. \u00c4nd\u00e5 k\u00e4nns det n\u00e4stan som en annan v\u00e4rld. Den \u201dklassiska j\u00e4rnv\u00e4gens v\u00e4rld\u201d. Det var en j\u00e4rnv\u00e4g med folkliv och r\u00f6relse. P\u00e5 stationen k\u00f6pte man sin biljett av \u201dedmonsonsk typ\u201d i biljettluckan. Det v\u00e4xlades godsvagnar p\u00e5 stationerna och kopplades till och fr\u00e5n \u201dkursvagnar\u201d i sn\u00e4llt\u00e5gen. Utmed linjen var det semaforer och telefonledning med blanktr\u00e5d, och t\u00e5gen drogs av \u00e5nglok.<br>&nbsp;<br>F\u00f6lj med \u201dp\u00e5 jakt efter \u00e5nglok\u201d tillsammans med en riktig j\u00e4rnv\u00e4gsentusiast, som gjorde mer \u00e4n tjugo resor i \u00d6sttyskland och Polen f\u00f6re murens fall, f\u00f6r att s\u00f6ka upp vad som \u00e4nnu fanns kvar av s\u00e5dana j\u00e4rnv\u00e4gsmilj\u00f6er d\u00e5 de sedan l\u00e4nge var f\u00f6rsvunna i Sverige.<br>&nbsp;<br>P\u00e5 k\u00f6pet f\u00e5r du dig till livs en hel del fascinerande j\u00e4rnv\u00e4gshistoria. Kanske f\u00f6rfattarens upplevelser som t\u00e5gentusiast \u201dbakom j\u00e4rnrid\u00e5n\u201d ocks\u00e5 kan bidra till att ge n\u00e5gra glimtar ur ett litet annat perspektiv \u00e4n det vanliga, p\u00e5 livet i ett par av v\u00e5ra n\u00e4rmaste grannl\u00e4nder under tiden mellan studentrevolten och murens fall.<br>&nbsp;<br>Format: 210 x 265 mm, 112 sidor, rikhaltigt illustrerad med f\u00f6rfattarens egna fotografier.<br>&nbsp;<br>Pris: 150 kr.<\/p>\n<\/div><\/div>\n\n\n\n<hr class=\"wp-block-separator has-css-opacity\"\/>\n\n\n\n<figure class=\"wp-block-table aligncenter\"><table><tbody><tr><td><strong>Best\u00e4llning och F\u00f6rs\u00e4ljningsvillkor<\/strong><\/td><\/tr><tr><td><br>Till angivna priser tillkommer porto\u00adkostnad till sj\u00e4lv\u00adkostnads\u00adpris. Kontakta v\u00e5r kontaktperson enligt nedan f\u00f6r att f\u00e5 uppgift om frakt\u00adalter\u00adnativ och total kostnad f\u00f6r det du vill best\u00e4lla. <br>Best\u00e4ll\u00adningen bekr\u00e4ftas sedan genom att du betalar in aktuellt belopp p\u00e5 f\u00f6reningens bankgiro\u00a0<strong>5732\u20114709<\/strong>.<br>Best\u00e4llningen sker enklast per epost till\u00a0<a href=\"mailto:info@wfj.se\">info@wfj.se<\/a>. <br>Skriv vilka varor du vill best\u00e4lla och gl\u00f6m inte att tydligt ange namn och adress samt g\u00e4rna telefonnummer.<br>Du kan alternativt ringa f\u00f6rs\u00e4ljningens kontaktperson Christer Brimalm p\u00e5 0706\u2011243730 eller skicka brev till:<br><br>Museif\u00f6reningen Wadstena-Fogelsta J\u00e4rnv\u00e4g<br>F\u00f6rs\u00e4ljningsavd<br>J\u00e4rnv\u00e4gsstationen<br>592 30 VADSTENA<br>\u00a0<br>V\u00e4lkommen med din best\u00e4llning!<br>\u00a0<\/td><\/tr><\/tbody><\/table><\/figure>\n\n\n\n<p><\/p>\n","protected":false},"excerpt":{"rendered":"<p>F\u00f6rs\u00e4ljning Ett litet urval p\u00e5 vad man kan best\u00e4lla av oss. Mer intressanta saker finns butiken p\u00e5 stationen under trafikdagarna. OBS! Kontakta alltid f\u00f6rs\u00e4ljningsansvarig innan&hellip;<\/p>\n","protected":false},"author":9,"featured_media":0,"parent":0,"menu_order":0,"comment_status":"closed","ping_status":"closed","template":"","meta":{"footnotes":""},"class_list":["post-242","page","type-page","status-publish","hentry"],"translation":{"provider":"WPGlobus","version":"3.0.2","language":"de","enabled_languages":["sv","gb","de"],"languages":{"sv":{"title":true,"content":true,"excerpt":false},"gb":{"title":false,"content":false,"excerpt":false},"de":{"title":false,"content":false,"excerpt":false}}},"_links":{"self":[{"href":"https:\/\/wfj.se\/de\/wp-json\/wp\/v2\/pages\/242","targetHints":{"allow":["GET"]}}],"collection":[{"href":"https:\/\/wfj.se\/de\/wp-json\/wp\/v2\/pages"}],"about":[{"href":"https:\/\/wfj.se\/de\/wp-json\/wp\/v2\/types\/page"}],"author":[{"embeddable":true,"href":"https:\/\/wfj.se\/de\/wp-json\/wp\/v2\/users\/9"}],"replies":[{"embeddable":true,"href":"https:\/\/wfj.se\/de\/wp-json\/wp\/v2\/comments?post=242"}],"version-history":[{"count":41,"href":"https:\/\/wfj.se\/de\/wp-json\/wp\/v2\/pages\/242\/revisions"}],"predecessor-version":[{"id":1539,"href":"https:\/\/wfj.se\/de\/wp-json\/wp\/v2\/pages\/242\/revisions\/1539"}],"wp:attachment":[{"href":"https:\/\/wfj.se\/de\/wp-json\/wp\/v2\/media?parent=242"}],"curies":[{"name":"wp","href":"https:\/\/api.w.org\/{rel}","templated":true}]}}